{"id":2276,"date":"2023-05-09T08:42:11","date_gmt":"2023-05-09T12:42:11","guid":{"rendered":"https:\/\/northernlightsaerofoundation.com\/evenements\/les-prix-elsie\/gala-de-remise-des-prix-nlaf\/"},"modified":"2026-01-15T11:44:17","modified_gmt":"2026-01-15T16:44:17","slug":"gala-de-remise-des-prix-nlaf","status":"publish","type":"page","link":"https:\/\/northernlightsaerofoundation.com\/fr\/evenements\/les-prix-elsie\/gala-de-remise-des-prix-nlaf\/","title":{"rendered":"Gala de remise des prix NLAF"},"content":{"rendered":"\n\t\n\t<div class=\"icfp-block__pointy_outer\" style=\"background-color: #ffffff;\">\t\t\t\t\t\n\t\t<div class=\"icfp-block__pointy_inner\">\n\t\t\t<div class=\"icfp-block__pointy_triangle-up\" style=\"left: 10%; border-top-color: #ffffff;\"><\/div>\n\t\t\t\t<div class=\"acf-innerblocks-container\">\n\n<div class=\"wp-block-columns is-layout-flex wp-container-core-columns-is-layout-9d6595d7 wp-block-columns-is-layout-flex\">\n<div class=\"wp-block-column is-layout-flow wp-block-column-is-layout-flow\">\n<h1 class=\"wp-block-heading\"><strong><strong><strong>Gala de la Northern Lights Aero Foundation 2026<\/strong><\/strong><\/strong><\/h1>\n\n\n\n<p>Le 17e gala annuel de remise des prix s&rsquo;est tenu au <a href=\"https:\/\/pearsonconvention.com\/\">Centre des congr\u00e8s Pearson<\/a> de Brampton, en Ontario, le samedi 3 octobre 2026. Ce gala mettra \u00e0 l&rsquo;honneur <a href=\"https:\/\/northernlightsaerofoundation.com\/fr\/evenements\/les-prix-elsie\/temple-de-la-renommee\/\">huit femmes inspirantes<\/a> du secteur de l&rsquo;aviation et de l&rsquo;a\u00e9rospatiale. Billets et informations compl\u00e9mentaires \u00e0 venir. Si vous souhaitez devenir commanditaire, <a href=\"mailto:fundraising@northernlightsaerofoundation.com\">veuillez communiquer avec nous<\/a>.<\/p>\n\n\n\n<p><a href=\"https:\/\/www.flickr.com\/photos\/203904502@N06\/\">D\u00e9couvrez les photos<\/a> du gala de 2025 !<\/p>\n<\/div>\n<\/div>\n\n<\/div>\n\t\t\t<div class=\"icfp-block__pointy_triangle-down\" style=\"left: -400%; border-top-color: #ffffff;\"><\/div>\n\t\t<\/div>\n\t<\/div>\n\n\n\t\n\t<div class=\"icfp-block__pointy_outer\" style=\"background-color: #ffffff;\">\t\t\t\t\t\n\t\t<div class=\"icfp-block__pointy_inner\">\n\t\t\t<div class=\"icfp-block__pointy_triangle-up\" style=\"left: 10%; border-top-color: #ffffff;\"><\/div>\n\t\t\t\t<div class=\"acf-innerblocks-container\">\n\n<div class=\"wp-block-columns is-layout-flex wp-container-core-columns-is-layout-9d6595d7 wp-block-columns-is-layout-flex\">\n<div class=\"wp-block-column is-layout-flow wp-block-column-is-layout-flow\">\n<h2 class=\"wp-block-heading\">Points forts du gala des prix Elsie MacGill 2025<\/h2>\n<\/div>\n<\/div>\n\n<\/div>\n\t\t\t<div class=\"icfp-block__pointy_triangle-down\" style=\"left: -400%; border-top-color: #ffffff;\"><\/div>\n\t\t<\/div>\n\t<\/div>\n\n\n<figure class=\"wp-block-embed is-type-video is-provider-youtube wp-block-embed-youtube wp-embed-aspect-16-9 wp-has-aspect-ratio\"><div class=\"wp-block-embed__wrapper\">\n<div class=\"flex-video widescreen vimeo\"><iframe loading=\"lazy\" title=\"NLAF 16th Annual Gala Recap\" width=\"500\" height=\"281\" src=\"https:\/\/www.youtube.com\/embed\/L5qOWvKA_LA?feature=oembed\" frameborder=\"0\" allow=\"accelerometer; autoplay; clipboard-write; encrypted-media; gyroscope; picture-in-picture; web-share\" referrerpolicy=\"strict-origin-when-cross-origin\" allowfullscreen><\/iframe><\/div>\n<\/div><\/figure>\n","protected":false},"excerpt":{"rendered":"","protected":false},"author":3,"featured_media":0,"parent":2272,"menu_order":0,"comment_status":"closed","ping_status":"closed","template":"","meta":{"_acf_changed":false,"_EventAllDay":false,"_EventTimezone":"","_EventStartDate":"","_EventEndDate":"","_EventStartDateUTC":"","_EventEndDateUTC":"","_EventShowMap":false,"_EventShowMapLink":false,"_EventURL":"","_EventCost":"","_EventCostDescription":"","_EventCurrencySymbol":"","_EventCurrencyCode":"","_EventCurrencyPosition":"","_EventDateTimeSeparator":"","_EventTimeRangeSeparator":"","_EventOrganizerID":[],"_EventVenueID":[],"_OrganizerEmail":"","_OrganizerPhone":"","_OrganizerWebsite":"","_VenueAddress":"","_VenueCity":"","_VenueCountry":"","_VenueProvince":"","_VenueState":"","_VenueZip":"","_VenuePhone":"","_VenueURL":"","_VenueStateProvince":"","_VenueLat":"","_VenueLng":"","_VenueShowMap":false,"_VenueShowMapLink":false,"footnotes":""},"class_list":["post-2276","page","type-page","status-publish","hentry"],"acf":[],"_links":{"self":[{"href":"https:\/\/northernlightsaerofoundation.com\/fr\/wp-json\/wp\/v2\/pages\/2276","targetHints":{"allow":["GET"]}}],"collection":[{"href":"https:\/\/northernlightsaerofoundation.com\/fr\/wp-json\/wp\/v2\/pages"}],"about":[{"href":"https:\/\/northernlightsaerofoundation.com\/fr\/wp-json\/wp\/v2\/types\/page"}],"author":[{"embeddable":true,"href":"https:\/\/northernlightsaerofoundation.com\/fr\/wp-json\/wp\/v2\/users\/3"}],"replies":[{"embeddable":true,"href":"https:\/\/northernlightsaerofoundation.com\/fr\/wp-json\/wp\/v2\/comments?post=2276"}],"version-history":[{"count":10,"href":"https:\/\/northernlightsaerofoundation.com\/fr\/wp-json\/wp\/v2\/pages\/2276\/revisions"}],"predecessor-version":[{"id":3399,"href":"https:\/\/northernlightsaerofoundation.com\/fr\/wp-json\/wp\/v2\/pages\/2276\/revisions\/3399"}],"up":[{"embeddable":true,"href":"https:\/\/northernlightsaerofoundation.com\/fr\/wp-json\/wp\/v2\/pages\/2272"}],"wp:attachment":[{"href":"https:\/\/northernlightsaerofoundation.com\/fr\/wp-json\/wp\/v2\/media?parent=2276"}],"curies":[{"name":"wp","href":"https:\/\/api.w.org\/{rel}","templated":true}]}}